{"id":2,"date":"2020-10-20T15:24:41","date_gmt":"2020-10-20T15:24:41","guid":{"rendered":"https:\/\/ehret.ch\/emd\/?page_id=2"},"modified":"2026-01-10T14:04:04","modified_gmt":"2026-01-10T14:04:04","slug":"sample-page","status":"publish","type":"page","link":"https:\/\/ehret.ch\/emd\/","title":{"rendered":"Ehret Media Design"},"content":{"rendered":"<p>[et_pb_section fb_built=&#8220;1&#8243; _builder_version=&#8220;4.16&#8243; background_color_gradient_direction=&#8220;6deg&#8220; background_image=&#8220;https:\/\/ehret.ch\/emd\/wp-content\/uploads\/2020\/10\/Drehpunkt-03.jpg&#8220; parallax=&#8220;on&#8220; parallax_method=&#8220;off&#8220; background_enable_video_mp4=&#8220;off&#8220; link_option_url=&#8220;#portrait&#8220; background_last_edited=&#8220;on|desktop&#8220; parallax_method_phone=&#8220;on&#8220; collapsed=&#8220;off&#8220; global_colors_info=&#8220;{}&#8220; background__hover_enabled=&#8220;on|desktop&#8220;][et_pb_row column_structure=&#8220;1_2,1_2&#8243; _builder_version=&#8220;4.16&#8243; background_size=&#8220;initial&#8220; background_position=&#8220;top_left&#8220; background_repeat=&#8220;repeat&#8220; collapsed=&#8220;off&#8220; global_colors_info=&#8220;{}&#8220;][et_pb_column type=&#8220;1_2&#8243; _builder_version=&#8220;4.16&#8243; custom_padding=&#8220;|||&#8220; global_colors_info=&#8220;{}&#8220; custom_padding__hover=&#8220;|||&#8220;][et_pb_text _builder_version=&#8220;4.21.0&#8243; text_text_color=&#8220;#ffffff&#8220; background_color=&#8220;rgba(0,0,0,0.5)&#8220; background_size=&#8220;initial&#8220; background_position=&#8220;top_left&#8220; background_repeat=&#8220;repeat&#8220; link_option_url_new_window=&#8220;on&#8220; border_width_all=&#8220;10px&#8220; border_color_all=&#8220;rgba(0,0,0,0)&#8220; global_colors_info=&#8220;{}&#8220;]<\/p>\n<h1 style=\"font-family: 'Verdana';\">Ehret Media Design<\/h1>\n<div id=\"description\">\n<h4>Klaus Ehret<\/h4>\n<p>Sandrainstrasse 3<br \/>3007 Bern<\/p>\n<p>+41 31 372 08 18<\/p>\n<p><a href=\"mailto:media.design@ehret.ch\">media.design@ehret.ch<\/a><\/p>\n<p>what3words Adresse: <a href=\"https:\/\/w3w.co\/draht.folge.\u00f6lbild\" target=\"_blank\" rel=\"noopener\">\/\/\/draht.folge.\u00f6lbild<\/a><\/p>\n<p><span style=\"color: #fff8ed;\"><\/span><\/p>\n<\/div>\n<p><span style=\"color: #fff8ed;\"> <!-- \/divi:paragraph --> <\/span><\/p>\n<p>[\/et_pb_text][\/et_pb_column][et_pb_column type=&#8220;1_2&#8243; _builder_version=&#8220;4.16&#8243; custom_padding=&#8220;|||&#8220; global_colors_info=&#8220;{}&#8220; custom_padding__hover=&#8220;|||&#8220;][\/et_pb_column][\/et_pb_row][\/et_pb_section][et_pb_section fb_built=&#8220;1&#8243; admin_label=&#8220;Videoproduktionen&#8220; _builder_version=&#8220;4.16&#8243; background_color_gradient_direction=&#8220;6deg&#8220; background_image=&#8220;https:\/\/ehret.ch\/emd\/wp-content\/uploads\/2020\/10\/Drehpunkt-01-blau.jpg&#8220; parallax=&#8220;on&#8220; parallax_method=&#8220;off&#8220; background_enable_video_mp4=&#8220;off&#8220; link_option_url=&#8220;ehret.ch\/emd\/video&#8220; background_last_edited=&#8220;on|desktop&#8220; parallax_method_phone=&#8220;on&#8220; collapsed=&#8220;off&#8220; global_colors_info=&#8220;{}&#8220; background__hover_enabled=&#8220;on|desktop&#8220;][et_pb_row column_structure=&#8220;1_3,2_3&#8243; _builder_version=&#8220;4.16&#8243; background_size=&#8220;initial&#8220; background_position=&#8220;top_left&#8220; background_repeat=&#8220;repeat&#8220; collapsed=&#8220;off&#8220; global_colors_info=&#8220;{}&#8220;][et_pb_column type=&#8220;1_3&#8243; _builder_version=&#8220;4.16&#8243; custom_padding=&#8220;|||&#8220; global_colors_info=&#8220;{}&#8220; custom_padding__hover=&#8220;|||&#8220;][\/et_pb_column][et_pb_column type=&#8220;2_3&#8243; _builder_version=&#8220;4.16&#8243; custom_padding=&#8220;|||&#8220; global_colors_info=&#8220;{}&#8220; custom_padding__hover=&#8220;|||&#8220;][et_pb_text _builder_version=&#8220;4.21.0&#8243; _dynamic_attributes=&#8220;link_option_url&#8220; text_text_color=&#8220;#ffffff&#8220; background_color=&#8220;rgba(0,0,0,0.5)&#8220; background_size=&#8220;initial&#8220; background_position=&#8220;top_left&#8220; background_repeat=&#8220;repeat&#8220; link_option_url=&#8220;@ET-DC@eyJkeW5hbWljIjp0cnVlLCJjb250ZW50IjoicG9zdF9saW5rX3VybF9wYWdlIiwic2V0dGluZ3MiOnsicG9zdF9pZCI6IjMxIn19@&#8220; border_width_all=&#8220;10px&#8220; border_color_all=&#8220;rgba(0,0,0,0.02)&#8220; global_colors_info=&#8220;{}&#8220;]<\/p>\n<h1 style=\"font-family: Verdana; text-align: right;\">Videografie<\/h1>\n<div id=\"description\" style=\"text-align: right;\">\n<p>Dokumentationen<br \/>Auftragsfilme<br \/>Tanzvideos<\/p>\n<p>&nbsp;<\/p>\n<\/div>\n<p style=\"text-align: right;\"><!-- \/divi:paragraph --><\/p>\n<p>[\/et_pb_text][\/et_pb_column][\/et_pb_row][\/et_pb_section][et_pb_section fb_built=&#8220;1&#8243; admin_label=&#8220;Tanzproduktionen&#8220; _builder_version=&#8220;4.16&#8243; background_color_gradient_direction=&#8220;6deg&#8220; background_image=&#8220;https:\/\/ehret.ch\/emd\/wp-content\/uploads\/2020\/10\/Drehpunkt-04.jpg&#8220; parallax=&#8220;on&#8220; parallax_method=&#8220;off&#8220; background_enable_video_mp4=&#8220;off&#8220; link_option_url=&#8220;ehret.ch\/emd\/tanz&#8220; background_last_edited=&#8220;on|desktop&#8220; parallax_method_phone=&#8220;on&#8220; collapsed=&#8220;off&#8220; global_colors_info=&#8220;{}&#8220; background__hover_enabled=&#8220;on|desktop&#8220;][et_pb_row column_structure=&#8220;2_3,1_3&#8243; _builder_version=&#8220;4.16&#8243; background_size=&#8220;initial&#8220; background_position=&#8220;top_left&#8220; background_repeat=&#8220;repeat&#8220; collapsed=&#8220;off&#8220; global_colors_info=&#8220;{}&#8220;][et_pb_column type=&#8220;2_3&#8243; _builder_version=&#8220;4.16&#8243; custom_padding=&#8220;|||&#8220; global_colors_info=&#8220;{}&#8220; custom_padding__hover=&#8220;|||&#8220;][et_pb_text _builder_version=&#8220;4.16&#8243; text_text_color=&#8220;#ffffff&#8220; background_color=&#8220;rgba(0,0,0,0.5)&#8220; background_size=&#8220;initial&#8220; background_position=&#8220;top_left&#8220; background_repeat=&#8220;repeat&#8220; border_width_all=&#8220;10px&#8220; border_color_all=&#8220;rgba(0,0,0,0)&#8220; global_colors_info=&#8220;{}&#8220;]<\/p>\n<h1 style=\"font-family: Verdana; text-align: left;\">Tanz-Dokumentationen<\/h1>\n<p>Ballett und Tanzdokumentationen von ganzen Vorstellungen<br \/>Promovideos<br \/>Hintergrundberichte<br \/>Sch\u00fclervorstellungen<\/p>\n<h1 style=\"text-align: left;\"><!-- \/divi:paragraph --><\/h1>\n<p>[\/et_pb_text][\/et_pb_column][et_pb_column type=&#8220;1_3&#8243; _builder_version=&#8220;4.16&#8243; custom_padding=&#8220;|||&#8220; global_colors_info=&#8220;{}&#8220; custom_padding__hover=&#8220;|||&#8220;][\/et_pb_column][\/et_pb_row][\/et_pb_section][et_pb_section fb_built=&#8220;1&#8243; admin_label=&#8220;Videoproduktionen&#8220; _builder_version=&#8220;4.16&#8243; background_color_gradient_direction=&#8220;6deg&#8220; background_image=&#8220;https:\/\/ehret.ch\/emd\/wp-content\/uploads\/2020\/10\/Drehpunkt-11.jpg&#8220; parallax=&#8220;on&#8220; parallax_method=&#8220;off&#8220; background_enable_video_mp4=&#8220;off&#8220; link_option_url=&#8220;ehret.ch\/emd\/foto&#8220; background_last_edited=&#8220;on|desktop&#8220; parallax_method_phone=&#8220;on&#8220; collapsed=&#8220;off&#8220; global_colors_info=&#8220;{}&#8220; background__hover_enabled=&#8220;on|desktop&#8220;][et_pb_row column_structure=&#8220;1_2,1_2&#8243; _builder_version=&#8220;4.16&#8243; background_size=&#8220;initial&#8220; background_position=&#8220;top_left&#8220; background_repeat=&#8220;repeat&#8220; collapsed=&#8220;off&#8220; global_colors_info=&#8220;{}&#8220;][et_pb_column type=&#8220;1_2&#8243; _builder_version=&#8220;4.16&#8243; custom_padding=&#8220;|||&#8220; global_colors_info=&#8220;{}&#8220; custom_padding__hover=&#8220;|||&#8220;][\/et_pb_column][et_pb_column type=&#8220;1_2&#8243; _builder_version=&#8220;4.16&#8243; custom_padding=&#8220;|||&#8220; global_colors_info=&#8220;{}&#8220; custom_padding__hover=&#8220;|||&#8220;][et_pb_text _builder_version=&#8220;4.16&#8243; text_text_color=&#8220;#ffffff&#8220; background_color=&#8220;rgba(0,0,0,0.5)&#8220; background_size=&#8220;initial&#8220; background_position=&#8220;top_left&#8220; background_repeat=&#8220;repeat&#8220; border_width_all=&#8220;10px&#8220; border_color_all=&#8220;rgba(0,0,0,0)&#8220; global_colors_info=&#8220;{}&#8220;]<\/p>\n<h1 style=\"font-family: Verdana; text-align: left;\">Fotografie<\/h1>\n<p>Multimedia Produktionen<br \/> Portraits<\/p>\n<h1 style=\"text-align: left;\"><!-- \/divi:paragraph --><\/h1>\n<p>[\/et_pb_text][\/et_pb_column][\/et_pb_row][\/et_pb_section][et_pb_section fb_built=&#8220;1&#8243; admin_label=&#8220;Videoproduktionen&#8220; _builder_version=&#8220;4.16&#8243; background_color_gradient_direction=&#8220;6deg&#8220; background_image=&#8220;https:\/\/ehret.ch\/emd\/wp-content\/uploads\/2020\/10\/Drehpunkt-02.jpg&#8220; parallax=&#8220;on&#8220; parallax_method=&#8220;off&#8220; background_enable_video_mp4=&#8220;off&#8220; link_option_url=&#8220;ehret.ch\/emd\/panorama&#8220; background_last_edited=&#8220;on|desktop&#8220; parallax_method_phone=&#8220;on&#8220; collapsed=&#8220;off&#8220; global_colors_info=&#8220;{}&#8220; background__hover_enabled=&#8220;on|desktop&#8220;][et_pb_row column_structure=&#8220;1_5,3_5,1_5&#8243; _builder_version=&#8220;4.16&#8243; background_size=&#8220;initial&#8220; background_position=&#8220;top_left&#8220; background_repeat=&#8220;repeat&#8220; collapsed=&#8220;off&#8220; global_colors_info=&#8220;{}&#8220;][et_pb_column type=&#8220;1_5&#8243; _builder_version=&#8220;4.16&#8243; custom_padding=&#8220;|||&#8220; global_colors_info=&#8220;{}&#8220; custom_padding__hover=&#8220;|||&#8220;][\/et_pb_column][et_pb_column type=&#8220;3_5&#8243; _builder_version=&#8220;4.16&#8243; custom_padding=&#8220;|||&#8220; global_colors_info=&#8220;{}&#8220; custom_padding__hover=&#8220;|||&#8220;][et_pb_text _builder_version=&#8220;4.16&#8243; text_text_color=&#8220;#ffffff&#8220; background_color=&#8220;rgba(0,0,0,0.5)&#8220; background_size=&#8220;initial&#8220; background_position=&#8220;top_left&#8220; background_repeat=&#8220;repeat&#8220; border_width_all=&#8220;10px&#8220; border_color_all=&#8220;rgba(0,0,0,0)&#8220; global_colors_info=&#8220;{}&#8220;]<\/p>\n<h1 style=\"text-align: left;\"><span color=\"#fff8ed\" face=\"Verdana\" style=\"font-family: Verdana;\"><span style=\"caret-color: #fff8ed;\">Panorama-Fotografie<\/span><\/span><\/h1>\n<p><span color=\"#fff8ed\" face=\"Verdana\" style=\"font-family: Verdana;\"><span style=\"caret-color: #fff8ed;\">Virtuelle Firmenf\u00fchrungen<br \/><\/span><\/span><span color=\"#fff8ed\" face=\"Verdana\" style=\"font-family: Verdana;\"><span style=\"caret-color: #fff8ed;\">Virtuelle Stadtrundg\u00e4nge<br \/><\/span><\/span><span color=\"#fff8ed\" face=\"Verdana\" style=\"font-family: Verdana;\"><span style=\"caret-color: #fff8ed;\">Landschaftspanoramen<\/span><\/span><\/p>\n<h1 style=\"text-align: left;\"><!-- \/divi:paragraph --><\/h1>\n<p>[\/et_pb_text][\/et_pb_column][et_pb_column type=&#8220;1_5&#8243; _builder_version=&#8220;4.16&#8243; custom_padding=&#8220;|||&#8220; global_colors_info=&#8220;{}&#8220; custom_padding__hover=&#8220;|||&#8220;][\/et_pb_column][\/et_pb_row][\/et_pb_section][et_pb_section fb_built=&#8220;1&#8243; admin_label=&#8220;Portrait&#8220; module_id=&#8220;portrait&#8220; _builder_version=&#8220;4.16&#8243; _dynamic_attributes=&#8220;link_option_url&#8220; background_color_gradient_direction=&#8220;6deg&#8220; background_image=&#8220;https:\/\/ehret.ch\/emd\/wp-content\/uploads\/2020\/10\/Drehpunkt-03.jpg&#8220; parallax=&#8220;on&#8220; parallax_method=&#8220;off&#8220; background_enable_video_mp4=&#8220;off&#8220; link_option_url=&#8220;@ET-DC@eyJkeW5hbWljIjp0cnVlLCJjb250ZW50IjoicG9zdF9saW5rX3VybCIsInNldHRpbmdzIjp7fX0=@&#8220; background_last_edited=&#8220;on|desktop&#8220; parallax_method_phone=&#8220;on&#8220; collapsed=&#8220;off&#8220; global_colors_info=&#8220;{}&#8220; background__hover_enabled=&#8220;on|desktop&#8220;][et_pb_row column_structure=&#8220;2_5,3_5&#8243; _builder_version=&#8220;4.16&#8243; background_size=&#8220;initial&#8220; background_position=&#8220;top_left&#8220; background_repeat=&#8220;repeat&#8220; collapsed=&#8220;off&#8220; global_colors_info=&#8220;{}&#8220;][et_pb_column type=&#8220;2_5&#8243; _builder_version=&#8220;4.16&#8243; custom_padding=&#8220;|||&#8220; global_colors_info=&#8220;{}&#8220; custom_padding__hover=&#8220;|||&#8220;][\/et_pb_column][et_pb_column type=&#8220;3_5&#8243; _builder_version=&#8220;4.16&#8243; custom_padding=&#8220;|||&#8220; global_colors_info=&#8220;{}&#8220; custom_padding__hover=&#8220;|||&#8220;][et_pb_text _builder_version=&#8220;4.21.0&#8243; text_text_color=&#8220;#ffffff&#8220; background_color=&#8220;rgba(0,0,0,0.5)&#8220; background_size=&#8220;initial&#8220; background_position=&#8220;top_left&#8220; background_repeat=&#8220;repeat&#8220; border_width_all=&#8220;10px&#8220; border_color_all=&#8220;rgba(0,0,0,0)&#8220; global_colors_info=&#8220;{}&#8220;]<\/p>\n<p>&nbsp;<\/p>\n<h1 style=\"font-family: 'Verdana';\">Ehret Media Design<\/h1>\n<div id=\"description\">\n<h3 class=\"first\">Klaus Ehret,<\/h3>\n<h4 class=\"first\">Grafiker, Foto- und Videograf, Bern<\/h4>\n<p>Klaus Ehret hat nach der Lehre als Radio- und Fernsehelektroniker die Fachklasse f\u00fcr Grafik an der Schule f\u00fcr Gestaltung in Bern abgeschlossen.<\/p>\n<p>Nach einer Anstellung als Multimedia-Produzent und Fotograf gr\u00fcndete er 1988 seine eigene Firma f\u00fcr Auftragsfilme und Multimedia-Produktionen, \u201eEhret Media Design\u201c.<br \/>Neben seinen selbst\u00e4ndigen Auftr\u00e4gen arbeitete Klaus Ehret auch im Studio Bundeshaus der SRG als News-Cutter, Grafiker und Logistiker.<\/p>\n<p>Heute ist er freier Produzent und widmet sich seinen eigenen Projekten.<\/p>\n<p>Wichtige Themen sind f\u00fcr ihn die Bereiche Video, Fotografie und Tanz.<br \/>Seit \u00fcber dreissig Jahren dokumentiert Klaus Ehret u.a. Produktionen der freien Tanzszene, Sch\u00fclervorstellungen und w\u00e4hrend einundzwanzig Jahren die Auff\u00fchrungen des Ballett Theater Basel.<\/p>\n<\/div>\n<p><!-- \/divi:paragraph --><\/p>\n<p>[\/et_pb_text][\/et_pb_column][\/et_pb_row][\/et_pb_section]<\/p>\n","protected":false},"excerpt":{"rendered":"<p>Ehret Media Design Klaus Ehret Sandrainstrasse 33007 Bern +41 31 372 08 18 media.design@ehret.ch what3words Adresse: \/\/\/draht.folge.\u00f6lbild Videografie DokumentationenAuftragsfilmeTanzvideos &nbsp; Tanz-Dokumentationen Ballett und Tanzdokumentationen von ganzen VorstellungenPromovideosHintergrundberichteSch\u00fclervorstellungen Fotografie Multimedia Produktionen Portraits Panorama-Fotografie Virtuelle Firmenf\u00fchrungenVirtuelle Stadtrundg\u00e4ngeLandschaftspanoramen &nbsp; Ehret Media Design Klaus Ehret, Grafiker, Foto- und Videograf, Bern Klaus Ehret hat nach der Lehre als Radio- und [&hellip;]<\/p>\n","protected":false},"author":1,"featured_media":0,"parent":0,"menu_order":0,"comment_status":"closed","ping_status":"closed","template":"","meta":{"_et_pb_use_builder":"on","_et_pb_old_content":"<!-- wp:paragraph -->\n<p>This is an example page. It's different from a blog post because it will stay in one place and will show up in your site navigation (in most themes). Most people start with an About page that introduces them to potential site visitors. It might say something like this:<\/p>\n<!-- \/wp:paragraph -->\n\n<!-- wp:quote -->\n<blockquote class=\"wp-block-quote\"><p>Hi there! I'm a bike messenger by day, aspiring actor by night, and this is my website. I live in Los Angeles, have a great dog named Jack, and I like pi\u00f1a coladas. (And gettin' caught in the rain.)<\/p><\/blockquote>\n<!-- \/wp:quote -->\n\n<!-- wp:paragraph -->\n<p>...or something like this:<\/p>\n<!-- \/wp:paragraph -->\n\n<!-- wp:quote -->\n<blockquote class=\"wp-block-quote\"><p>The XYZ Doohickey Company was founded in 1971, and has been providing quality doohickeys to the public ever since. Located in Gotham City, XYZ employs over 2,000 people and does all kinds of awesome things for the Gotham community.<\/p><\/blockquote>\n<!-- \/wp:quote -->\n\n<!-- wp:paragraph -->\n<p>As a new WordPress user, you should go to <a href=\"https:\/\/ehret.ch\/emd\/wp-admin\/\">your dashboard<\/a> to delete this page and create new pages for your content. Have fun!<\/p>\n<!-- \/wp:paragraph -->","_et_gb_content_width":"","footnotes":""},"class_list":["post-2","page","type-page","status-publish","hentry"],"_links":{"self":[{"href":"https:\/\/ehret.ch\/emd\/wp-json\/wp\/v2\/pages\/2","targetHints":{"allow":["GET"]}}],"collection":[{"href":"https:\/\/ehret.ch\/emd\/wp-json\/wp\/v2\/pages"}],"about":[{"href":"https:\/\/ehret.ch\/emd\/wp-json\/wp\/v2\/types\/page"}],"author":[{"embeddable":true,"href":"https:\/\/ehret.ch\/emd\/wp-json\/wp\/v2\/users\/1"}],"replies":[{"embeddable":true,"href":"https:\/\/ehret.ch\/emd\/wp-json\/wp\/v2\/comments?post=2"}],"version-history":[{"count":93,"href":"https:\/\/ehret.ch\/emd\/wp-json\/wp\/v2\/pages\/2\/revisions"}],"predecessor-version":[{"id":233829,"href":"https:\/\/ehret.ch\/emd\/wp-json\/wp\/v2\/pages\/2\/revisions\/233829"}],"wp:attachment":[{"href":"https:\/\/ehret.ch\/emd\/wp-json\/wp\/v2\/media?parent=2"}],"curies":[{"name":"wp","href":"https:\/\/api.w.org\/{rel}","templated":true}]}}